{"id":1793,"date":"2017-10-20T11:04:25","date_gmt":"2017-10-20T11:04:25","guid":{"rendered":"https:\/\/www.alliancefr.pt\/setubal\/?page_id=1793\/"},"modified":"2017-11-03T09:44:26","modified_gmt":"2017-11-03T09:44:26","slug":"quizz-frances","status":"publish","type":"page","link":"https:\/\/www.alliancefr.pt\/setubal\/quizz-frances\/","title":{"rendered":"Quizz"},"content":{"rendered":"<script>\n                            if (window.qmn_quiz_data === undefined) {\n                                    window.qmn_quiz_data = new Object();\n                            }\n                    <\/script><script>window.qmn_quiz_data[\"1\"] = {\"quiz_id\":\"1\",\"quiz_name\":\"quiz1\",\"disable_answer\":\"0\",\"ajax_show_correct\":\"0\",\"progress_bar\":0,\"contact_info_location\":\"1\",\"qpages\":[],\"skip_validation_time_expire\":0,\"timer_limit_val\":0,\"disable_scroll_next_previous_click\":0,\"disable_scroll_on_result\":0,\"disable_first_page\":0,\"enable_result_after_timer_end\":0,\"enable_quick_result_mc\":1,\"end_quiz_if_wrong\":0,\"form_disable_autofill\":0,\"disable_mathjax\":0,\"enable_quick_correct_answer_info\":0,\"quick_result_correct_answer_text\":\"Correct! You have selected correct answer.\",\"quick_result_wrong_answer_text\":\"Wrong! You have selected wrong answer.\",\"quiz_processing_message\":\"\",\"quiz_limit_choice\":\"Limit of choice is reached.\",\"not_allow_after_expired_time\":0,\"scheduled_time_end\":false,\"prevent_reload\":0,\"limit_email_based_submission\":0,\"total_user_tries\":0,\"is_logged_in\":false,\"pagination\":{\"amount\":1,\"section_comments\":\"1\",\"total_questions\":10,\"previous_text\":\"Anterior\",\"next_text\":\"Seguinte\",\"start_quiz_survey_text\":\"Next\",\"submit_quiz_text\":\"Enviar\"},\"error_messages\":{\"email_error_text\":\"O email n\\u00e3o \\u00e9 v\\u00e1lido\",\"number_error_text\":\"Este campo deve ser num\\u00e9rico\",\"incorrect_error_text\":\"O texto inserido n\\u00e3o est\\u00e1 correto!\",\"empty_error_text\":\"Por favor, preencha todos os campos obrigat\\u00f3rios!\",\"url_error_text\":\"The entered URL is not valid!\",\"minlength_error_text\":\"Required atleast %minlength% characters.\",\"maxlength_error_text\":\"Maximum %maxlength% characters allowed.\",\"recaptcha_error_text\":\"ReCaptcha is missing\"},\"question_list\":{\"23\":{\"question_id\":\"23\",\"quiz_id\":\"1\",\"question_name\":\"&lt;img class=&quot;size-medium wp-image-1966 alignleft&quot; src=&quot;https:\\\/\\\/www.alliancefr.pt\\\/setubal\\\/wp-content\\\/uploads\\\/sites\\\/7\\\/2017\\\/10\\\/quizz-alliancefr-300x201.jpg&quot; alt=&quot;&quot; width=&quot;300&quot; height=&quot;201&quot; \\\/&gt;&lt;br&gt;L\\u2019Alliance Fran\\u00e7aise a \\u00e9t\\u00e9 fond\\u00e9e en 1883. Laquelle de ces personnalit\\u00e9s fut l\\u2019un de ses fondateurs ?\",\"answer_array\":\"a:4:{i:0;a:3:{i:0;s:11:\\\"Jules Verne\\\";i:1;d:0;i:2;i:1;}i:1;a:3:{i:0;s:14:\\\"Andr\\u00e9 Malraux\\\";i:1;d:0;i:2;i:0;}i:2;a:3:{i:0;s:12:\\\"Albert Camus\\\";i:1;d:0;i:2;i:0;}i:3;a:3:{i:0;s:16:\\\"Jean-Paul Sartre\\\";i:1;d:0;i:2;i:0;}}\",\"answer_one\":\"\",\"answer_one_points\":\"0\",\"answer_two\":\"\",\"answer_two_points\":\"0\",\"answer_three\":\"\",\"answer_three_points\":\"0\",\"answer_four\":\"\",\"answer_four_points\":\"0\",\"answer_five\":\"\",\"answer_five_points\":\"0\",\"answer_six\":\"\",\"answer_six_points\":\"0\",\"correct_answer\":\"0\",\"question_answer_info\":\"\",\"comments\":\"1\",\"hints\":\"\",\"question_order\":\"23\",\"question_type\":\"0\",\"question_type_new\":\"0\",\"question_settings\":\"a:1:{s:8:\\\"required\\\";i:1;}\",\"category\":\"\",\"linked_question\":\"\",\"deleted\":\"0\",\"deleted_question_bank\":\"0\",\"answers\":[[\"Jules Verne\",0,1],[\"Andr\\u00e9 Malraux\",0,0],[\"Albert Camus\",0,0],[\"Jean-Paul Sartre\",0,0]]},\"10\":{\"question_id\":\"10\",\"quiz_id\":\"1\",\"question_name\":\"&lt;img class=&quot;size-medium wp-image-1981 alignleft&quot; src=&quot;https:\\\/\\\/www.alliancefr.pt\\\/setubal\\\/wp-content\\\/uploads\\\/sites\\\/7\\\/2017\\\/10\\\/quizz-alliancefr_agence-papyrus-300x201.jpg&quot; alt=&quot;&quot; width=&quot;300&quot; height=&quot;201&quot; \\\/&gt;&lt;br&gt;La statue de la Libert\\u00e9, dont le nom officiel est \\u00ab la libert\\u00e9 \\u00e9clairant le monde \\u00bb, est un cadeau de quel pays aux \\u00c9tats-Unis ?\",\"answer_array\":\"a:4:{i:0;a:3:{i:0;s:14:\\\"L&#039; Italie\\\";i:1;d:0;i:2;i:0;}i:1;a:3:{i:0;s:18:\\\"L&#039; Angleterre\\\";i:1;d:0;i:2;i:0;}i:2;a:3:{i:0;s:9:\\\"La France\\\";i:1;d:0;i:2;i:1;}i:3;a:3:{i:0;s:17:\\\"L&#039; Allemagne\\\";i:1;d:0;i:2;i:0;}}\",\"answer_one\":\"\",\"answer_one_points\":\"0\",\"answer_two\":\"\",\"answer_two_points\":\"0\",\"answer_three\":\"\",\"answer_three_points\":\"0\",\"answer_four\":\"\",\"answer_four_points\":\"0\",\"answer_five\":\"\",\"answer_five_points\":\"0\",\"answer_six\":\"\",\"answer_six_points\":\"0\",\"correct_answer\":\"0\",\"question_answer_info\":\"\",\"comments\":\"1\",\"hints\":\"\",\"question_order\":\"10\",\"question_type\":\"0\",\"question_type_new\":\"0\",\"question_settings\":\"a:1:{s:8:\\\"required\\\";i:1;}\",\"category\":\"\",\"linked_question\":\"\",\"deleted\":\"0\",\"deleted_question_bank\":\"0\",\"answers\":[[\"L&#039; Italie\",0,0],[\"L&#039; Angleterre\",0,0],[\"La France\",0,1],[\"L&#039; Allemagne\",0,0]]},\"35\":{\"question_id\":\"35\",\"quiz_id\":\"1\",\"question_name\":\"&lt;img class=&quot;wp-image-4597 size-medium alignleft&quot; src=&quot;https:\\\/\\\/www.alliancefr.pt\\\/setubal\\\/wp-content\\\/uploads\\\/sites\\\/7\\\/2018\\\/02\\\/quizz-aflisboa-300x201.jpg&quot; alt=&quot;quizz&quot; width=&quot;300&quot; height=&quot;201&quot; \\\/&gt;&lt;br \\\/&gt; Henri Cartier-Bresson \\u00e9tait un\\u2026\",\"answer_array\":\"a:4:{i:0;a:3:{i:0;s:17:\\\"Peintre fran\\u00e7ais\\\";i:1;d:0;i:2;i:0;}i:1;a:3:{i:0;s:19:\\\"Sculpteur fran\\u00e7ais\\\";i:1;d:0;i:2;i:0;}i:2;a:3:{i:0;s:16:\\\"Po\\u00e8te fran\\u00e7ais\\\";i:1;d:0;i:2;i:0;}i:3;a:3:{i:0;s:21:\\\"Photographe fran\\u00e7ais\\\";i:1;d:0;i:2;i:1;}}\",\"answer_one\":\"\",\"answer_one_points\":\"0\",\"answer_two\":\"\",\"answer_two_points\":\"0\",\"answer_three\":\"\",\"answer_three_points\":\"0\",\"answer_four\":\"\",\"answer_four_points\":\"0\",\"answer_five\":\"\",\"answer_five_points\":\"0\",\"answer_six\":\"\",\"answer_six_points\":\"0\",\"correct_answer\":\"0\",\"question_answer_info\":\"\",\"comments\":\"1\",\"hints\":\"\",\"question_order\":\"35\",\"question_type\":\"0\",\"question_type_new\":\"0\",\"question_settings\":\"a:1:{s:8:\\\"required\\\";i:1;}\",\"category\":\"\",\"linked_question\":\"\",\"deleted\":\"0\",\"deleted_question_bank\":\"0\",\"answers\":[[\"Peintre fran\\u00e7ais\",0,0],[\"Sculpteur fran\\u00e7ais\",0,0],[\"Po\\u00e8te fran\\u00e7ais\",0,0],[\"Photographe fran\\u00e7ais\",0,1]]},\"7\":{\"question_id\":\"7\",\"quiz_id\":\"1\",\"question_name\":\"&lt;img class=&quot;size-medium wp-image-1985 alignleft&quot; src=&quot;https:\\\/\\\/www.alliancefr.pt\\\/setubal\\\/wp-content\\\/uploads\\\/sites\\\/7\\\/2017\\\/10\\\/quizz-alliancefr-paramount.-300x201.jpg&quot; alt=&quot;&quot; width=&quot;300&quot; height=&quot;201&quot; \\\/&gt;&lt;br&gt;Comment s\\u2019appelle l\\u2019actrice principale du film Alli\\u00e9s ?\",\"answer_array\":\"a:4:{i:0;a:3:{i:0;s:16:\\\"Isabelle Huppert\\\";i:1;d:0;i:2;i:0;}i:1;a:3:{i:0;s:16:\\\"M\\u00e9lanie Laurent\\\";i:1;d:0;i:2;i:0;}i:2;a:3:{i:0;s:16:\\\"Marion Cotillard\\\";i:1;d:0;i:2;i:1;}i:3;a:3:{i:0;s:9:\\\"Eva Green\\\";i:1;d:0;i:2;i:0;}}\",\"answer_one\":\"\",\"answer_one_points\":\"0\",\"answer_two\":\"\",\"answer_two_points\":\"0\",\"answer_three\":\"\",\"answer_three_points\":\"0\",\"answer_four\":\"\",\"answer_four_points\":\"0\",\"answer_five\":\"\",\"answer_five_points\":\"0\",\"answer_six\":\"\",\"answer_six_points\":\"0\",\"correct_answer\":\"0\",\"question_answer_info\":\"\",\"comments\":\"1\",\"hints\":\"\",\"question_order\":\"7\",\"question_type\":\"0\",\"question_type_new\":\"0\",\"question_settings\":\"a:1:{s:8:\\\"required\\\";i:1;}\",\"category\":\"\",\"linked_question\":\"\",\"deleted\":\"0\",\"deleted_question_bank\":\"0\",\"answers\":[[\"Isabelle Huppert\",0,0],[\"M\\u00e9lanie Laurent\",0,0],[\"Marion Cotillard\",0,1],[\"Eva Green\",0,0]]},\"22\":{\"question_id\":\"22\",\"quiz_id\":\"1\",\"question_name\":\"&lt;img class=&quot;size-medium wp-image-1965 alignleft&quot; src=&quot;https:\\\/\\\/www.alliancefr.pt\\\/setubal\\\/wp-content\\\/uploads\\\/sites\\\/7\\\/2017\\\/10\\\/quizz-alliancefr-Jorge-Royan-300x201.jpg&quot; alt=&quot;&quot; width=&quot;300&quot; height=&quot;201&quot; \\\/&gt;&lt;br&gt;Quel est le mus\\u00e9e le plus visit\\u00e9 au monde ?\",\"answer_array\":\"a:4:{i:0;a:3:{i:0;s:17:\\\"Mus\\u00e9e du Vatican\\\";i:1;d:0;i:2;i:0;}i:1;a:3:{i:0;s:15:\\\"Centre Pompidou\\\";i:1;d:0;i:2;i:0;}i:2;a:3:{i:0;s:6:\\\"Louvre\\\";i:1;d:0;i:2;i:1;}i:3;a:3:{i:0;s:11:\\\"Tate Modern\\\";i:1;d:0;i:2;i:0;}}\",\"answer_one\":\"\",\"answer_one_points\":\"0\",\"answer_two\":\"\",\"answer_two_points\":\"0\",\"answer_three\":\"\",\"answer_three_points\":\"0\",\"answer_four\":\"\",\"answer_four_points\":\"0\",\"answer_five\":\"\",\"answer_five_points\":\"0\",\"answer_six\":\"\",\"answer_six_points\":\"0\",\"correct_answer\":\"0\",\"question_answer_info\":\"\",\"comments\":\"1\",\"hints\":\"\",\"question_order\":\"22\",\"question_type\":\"0\",\"question_type_new\":\"0\",\"question_settings\":\"a:1:{s:8:\\\"required\\\";i:1;}\",\"category\":\"\",\"linked_question\":\"\",\"deleted\":\"0\",\"deleted_question_bank\":\"0\",\"answers\":[[\"Mus\\u00e9e du Vatican\",0,0],[\"Centre Pompidou\",0,0],[\"Louvre\",0,1],[\"Tate Modern\",0,0]]},\"29\":{\"question_id\":\"29\",\"quiz_id\":\"1\",\"question_name\":\"&lt;img class=&quot;size-medium wp-image-1964 alignleft&quot; src=&quot;https:\\\/\\\/www.alliancefr.pt\\\/setubal\\\/wp-content\\\/uploads\\\/sites\\\/7\\\/2017\\\/10\\\/quizz-alliancefr-miramax-300x201.jpg&quot; alt=&quot;&quot; width=&quot;300&quot; height=&quot;201&quot; \\\/&gt;&lt;br&gt;Comment s\\u2019appelle l\\u2019actrice principale du film Le Fabuleux Destin d\\u2019Am\\u00e9lie Poulain ?\",\"answer_array\":\"a:4:{i:0;a:3:{i:0;s:13:\\\"Audrey Tautou\\\";i:1;d:0;i:2;i:1;}i:1;a:3:{i:0;s:16:\\\"Juliette Binoche\\\";i:1;d:0;i:2;i:0;}i:2;a:3:{i:0;s:17:\\\"Catherine Deneuve\\\";i:1;d:0;i:2;i:0;}i:3;a:3:{i:0;s:15:\\\"Brigitte Bardot\\\";i:1;d:0;i:2;i:0;}}\",\"answer_one\":\"\",\"answer_one_points\":\"0\",\"answer_two\":\"\",\"answer_two_points\":\"0\",\"answer_three\":\"\",\"answer_three_points\":\"0\",\"answer_four\":\"\",\"answer_four_points\":\"0\",\"answer_five\":\"\",\"answer_five_points\":\"0\",\"answer_six\":\"\",\"answer_six_points\":\"0\",\"correct_answer\":\"0\",\"question_answer_info\":\"\",\"comments\":\"1\",\"hints\":\"\",\"question_order\":\"29\",\"question_type\":\"0\",\"question_type_new\":\"0\",\"question_settings\":\"a:1:{s:8:\\\"required\\\";i:1;}\",\"category\":\"\",\"linked_question\":\"\",\"deleted\":\"0\",\"deleted_question_bank\":\"0\",\"answers\":[[\"Audrey Tautou\",0,1],[\"Juliette Binoche\",0,0],[\"Catherine Deneuve\",0,0],[\"Brigitte Bardot\",0,0]]},\"20\":{\"question_id\":\"20\",\"quiz_id\":\"1\",\"question_name\":\"&lt;img class=&quot;size-medium wp-image-1973 alignleft&quot; src=&quot;https:\\\/\\\/www.alliancefr.pt\\\/setubal\\\/wp-content\\\/uploads\\\/sites\\\/7\\\/2017\\\/10\\\/quizz-alliancefr_dominio_publico-300x201.jpg&quot; alt=&quot;&quot; width=&quot;300&quot; height=&quot;201&quot; \\\/&gt;&lt;br&gt;Joana d\\u2019Arc est consid\\u00e9r\\u00e9e comme la sainte patronne de Paris\",\"answer_array\":\"a:2:{i:0;a:3:{i:0;s:4:\\\"Vrai\\\";i:1;d:0;i:2;i:0;}i:1;a:3:{i:0;s:4:\\\"Faux\\\";i:1;d:0;i:2;i:1;}}\",\"answer_one\":\"\",\"answer_one_points\":\"0\",\"answer_two\":\"\",\"answer_two_points\":\"0\",\"answer_three\":\"\",\"answer_three_points\":\"0\",\"answer_four\":\"\",\"answer_four_points\":\"0\",\"answer_five\":\"\",\"answer_five_points\":\"0\",\"answer_six\":\"\",\"answer_six_points\":\"0\",\"correct_answer\":\"0\",\"question_answer_info\":\"C\\u2019est la patronne de la France.\",\"comments\":\"1\",\"hints\":\"\",\"question_order\":\"20\",\"question_type\":\"0\",\"question_type_new\":\"0\",\"question_settings\":\"a:1:{s:8:\\\"required\\\";i:1;}\",\"category\":\"\",\"linked_question\":\"\",\"deleted\":\"0\",\"deleted_question_bank\":\"0\",\"answers\":[[\"Vrai\",0,0],[\"Faux\",0,1]]},\"36\":{\"question_id\":\"36\",\"quiz_id\":\"1\",\"question_name\":\"&lt;img class=&quot;size-medium wp-image-2242 alignleft&quot; src=&quot;https:\\\/\\\/www.alliancefr.pt\\\/setubal\\\/wp-content\\\/uploads\\\/sites\\\/7\\\/2017\\\/10\\\/quizz-300x201.jpg&quot; alt=&quot;&quot; width=&quot;300&quot; height=&quot;201&quot; \\\/&gt;&lt;br&gt;Jean-Luc Godard est un cin\\u00e9aste franco-suisse\",\"answer_array\":\"a:2:{i:0;a:3:{i:0;s:4:\\\"Vrai\\\";i:1;d:0;i:2;i:1;}i:1;a:3:{i:0;s:4:\\\"Faux\\\";i:1;d:0;i:2;i:0;}}\",\"answer_one\":\"\",\"answer_one_points\":\"0\",\"answer_two\":\"\",\"answer_two_points\":\"0\",\"answer_three\":\"\",\"answer_three_points\":\"0\",\"answer_four\":\"\",\"answer_four_points\":\"0\",\"answer_five\":\"\",\"answer_five_points\":\"0\",\"answer_six\":\"\",\"answer_six_points\":\"0\",\"correct_answer\":\"0\",\"question_answer_info\":\"\",\"comments\":\"1\",\"hints\":\"\",\"question_order\":\"36\",\"question_type\":\"0\",\"question_type_new\":\"0\",\"question_settings\":\"a:1:{s:8:\\\"required\\\";i:1;}\",\"category\":\"\",\"linked_question\":\"\",\"deleted\":\"0\",\"deleted_question_bank\":\"0\",\"answers\":[[\"Vrai\",0,1],[\"Faux\",0,0]]},\"6\":{\"question_id\":\"6\",\"quiz_id\":\"1\",\"question_name\":\"&lt;img class=&quot;wp-image-4598 size-medium alignleft&quot; src=&quot;https:\\\/\\\/www.alliancefr.pt\\\/setubal\\\/wp-content\\\/uploads\\\/sites\\\/7\\\/2018\\\/02\\\/quizz-alliance-francaise-quizz-300x201.jpg&quot; alt=&quot;quizz&quot; width=&quot;300&quot; height=&quot;201&quot; \\\/&gt;&lt;br \\\/&gt; Le fran\\u00e7ais est une langue celtique\",\"answer_array\":\"a:2:{i:0;a:3:{i:0;s:4:\\\"Vrai\\\";i:1;d:0;i:2;i:0;}i:1;a:3:{i:0;s:4:\\\"Faux\\\";i:1;d:0;i:2;i:1;}}\",\"answer_one\":\"\",\"answer_one_points\":\"0\",\"answer_two\":\"\",\"answer_two_points\":\"0\",\"answer_three\":\"\",\"answer_three_points\":\"0\",\"answer_four\":\"\",\"answer_four_points\":\"0\",\"answer_five\":\"\",\"answer_five_points\":\"0\",\"answer_six\":\"\",\"answer_six_points\":\"0\",\"correct_answer\":\"0\",\"question_answer_info\":\"A origem da l\\u00edngua francesa \\u00e9 Rom\\u00e2nica\",\"comments\":\"1\",\"hints\":\"\",\"question_order\":\"6\",\"question_type\":\"0\",\"question_type_new\":\"0\",\"question_settings\":\"a:1:{s:8:\\\"required\\\";i:1;}\",\"category\":\"\",\"linked_question\":\"\",\"deleted\":\"0\",\"deleted_question_bank\":\"0\",\"answers\":[[\"Vrai\",0,0],[\"Faux\",0,1]]},\"33\":{\"question_id\":\"33\",\"quiz_id\":\"1\",\"question_name\":\"&lt;img class=&quot;size-medium wp-image-2198 alignleft&quot; src=&quot;https:\\\/\\\/www.alliancefr.pt\\\/setubal\\\/wp-content\\\/uploads\\\/sites\\\/7\\\/2017\\\/10\\\/quizz_alliance_fr.map_-300x201.jpg&quot; alt=&quot;&quot; width=&quot;300&quot; height=&quot;201&quot; \\\/&gt;&lt;br&gt;La France fait fronti\\u00e8re avec 10 pays\",\"answer_array\":\"a:2:{i:0;a:3:{i:0;s:4:\\\"Vrai\\\";i:1;d:0;i:2;i:0;}i:1;a:3:{i:0;s:4:\\\"Faux\\\";i:1;d:0;i:2;i:1;}}\",\"answer_one\":\"\",\"answer_one_points\":\"0\",\"answer_two\":\"\",\"answer_two_points\":\"0\",\"answer_three\":\"\",\"answer_three_points\":\"0\",\"answer_four\":\"\",\"answer_four_points\":\"0\",\"answer_five\":\"\",\"answer_five_points\":\"0\",\"answer_six\":\"\",\"answer_six_points\":\"0\",\"correct_answer\":\"0\",\"question_answer_info\":\"\",\"comments\":\"1\",\"hints\":\"\",\"question_order\":\"33\",\"question_type\":\"0\",\"question_type_new\":\"0\",\"question_settings\":\"a:1:{s:8:\\\"required\\\";i:1;}\",\"category\":\"\",\"linked_question\":\"\",\"deleted\":\"0\",\"deleted_question_bank\":\"0\",\"answers\":[[\"Vrai\",0,0],[\"Faux\",0,1]]}},\"first_page\":false,\"questions_settings\":[]}\n                    <\/script><style type='text\/css' id='qmn_quiz_template-css'>.mlw_qmn_quiz label {\n\t\t\t\tdisplay: inline;\n\t\t\t}\n\t\t\t.ui-tooltip\n\t\t\t{\n\t\t\t\tmax-width: 500px !important;\n\t\t\t}\n\t\t\t.ui-tooltip-content\n\t\t\t{\n\t\t\t\tmax-width: 500px !important;\n\t\t\t}\n\t\t\t.qmn_error, .qmn_page_error_message\n\t\t\t{\n\t\t\t\tcolor: red;\n\t\t\t}\n\t\t\t.mlw_qmn_hint_link\n\t\t\t{\n\t\t\ttext-decoration:underline;\n\t\t\tcolor:rgb(0,0,255);\n\t\t\t}\n\t\t\t.mlw_qmn_quiz_link\n\t\t\t{\n\t\t\t\tdisplay: inline;\n\t\t\t\tvertical-align:top !important;\n\t\t\t\ttext-decoration: none;\n\t\t\t}\n\t\t\tdiv.mlw_qmn_quiz input[type=radio],\n\t\t\tdiv.mlw_qmn_quiz input[type=submit],\n\t\t\tdiv.mlw_qmn_quiz label {\n\t\t\t\tcursor: pointer;\n\t\t\t}\n\t\t\tdiv.mlw_qmn_quiz input:not([type=submit]):focus,\n\t\t\tdiv.mlw_qmn_quiz textarea:focus {\n\t\t\t\tbackground: #eaeaea;\n\t\t\t}\n\t\t\tdiv.mlw_qmn_quiz {\n\t\t\t\ttext-align: left;\n\t\t\t}\n\t\t\tdiv.quiz_section {\n\n\t\t\t}\n\t\t\t.mlw_horizontal_choice\n\t\t\t{\n\t\t\t\tmargin-right: 20px;\n\t\t\t}\n\t\t\tdiv.mlw_qmn_timer {\n\t\t\t\tposition:fixed;\n\t\t\t\ttop:200px;\n\t\t\t\tright:0px;\n\t\t\t\twidth:130px;\n\t\t\t\tcolor:#00CCFF;\n\t\t\t\tborder-radius: 15px;\n\t\t\t\tbackground:#000000;\n\t\t\t\ttext-align: center;\n\t\t\t\tpadding: 15px 15px 15px 15px\n\t\t\t}\n\t\t\tdiv.mlw_qmn_quiz input[type=submit],\n\t\t\ta.mlw_qmn_quiz_link\n\t\t\t{\n\t\t\t\tborder-radius: 4px;\n\t\t\t\tposition: relative;\n\t\t\t\tbackground-image: linear-gradient(#fff,#dedede);\n\t\t\t\tbackground-color: #eee;\n\t\t\t\tborder: #ccc solid 1px;\n\t\t\t\tcolor: #333;\n\t\t\t\ttext-shadow: 0 1px 0 rgba(255,255,255,.5);\n\t\t\t\tbox-sizing: border-box;\n\t\t\t\tdisplay: inline-block;\n\t\t\t\tpadding: 7px 7px 7px 7px;\n\t\t\t\tmargin: auto;\n\t\t\t\tfont-weight: bold;\n\t\t\t\tcursor: pointer;\n\t\t\t}\n\t\t\t.mlw_qmn_question, .mlw_qmn_question_number, .mlw_qmn_comment_section_text\n\t\t\t{\n\t\t\t\tfont-weight: bold;\n\t\t\t}\n\t\t\t.mlw_next\n\t\t\t{\n\t\t\t\tfloat: right;\n\t\t\t}\n\t\t\t.mlw_previous\n\t\t\t{\n\t\t\t\tfloat: left;\n\t\t\t}\n\t\t\t.mlw_qmn_question_comment, .mlw_answer_open_text, .qmn_comment_section {\n\t\t\t\twidth: 100%;\n\t\t\t\tborder-radius: 7px;\n\t\t\t\tpadding: 2px 10px;\n\t\t\t\t-webkit-box-shadow: inset 0 3px 3px rgba(0,0,0,.075);\n\t\t\t\tbox-shadow: inset 0 3px 3px rgba(0,0,0,.075);\n\t\t\t\tborder: 1px solid #ccc;\n\t\t\t}\n\t\t<\/style>\t\t<div class='qsm-quiz-container qsm-quiz-container-1 qmn_quiz_container mlw_qmn_quiz qsm_auto_pagination_enabled quiz_theme_default random '>\n\t\t\t\t\t\t\t\t<form name=\"quizForm1\" id=\"quizForm1\" action=\"\/setubal\/wp-json\/wp\/v2\/pages\/1793\" method=\"POST\" class=\"qsm-quiz-form qmn_quiz_form mlw_quiz_form\" novalidate enctype=\"multipart\/form-data\">\n\t\t\t\t<input type=\"hidden\" name=\"qsm_hidden_questions\" id=\"qsm_hidden_questions\" value=\"\">\n\t\t\t\t<input type=\"hidden\" name=\"qsm_nonce\" id=\"qsm_nonce_1\" value=\"673fa028fa\">\n\t\t\t\t<input type=\"hidden\" name=\"qsm_unique_key\" id=\"qsm_unique_key_1\" value=\"69ee61db0b9bd\">\n\t\t\t\t<div id=\"mlw_error_message\" class=\"qsm-error-message qmn_error_message_section\"><\/div>\n\t\t\t\t<span id=\"mlw_top_of_quiz\"><\/span>\n\t\t\t\t\t\t\t<script>\n\t\t\t\tconst d = new Date();\n\t\t\t\td.setTime(d.getTime() + (365 * 24 * 60 * 60 * 1000)); \/\/ Set cookie for 1 year\n\t\t\t\tlet expires = \"expires=\" + d.toUTCString();\n\t\t\t\tdocument.cookie = \"question_ids_1=\" + \"23,10,35,7,22,29,20,36,6,33\" + \"; \" + expires + \"; path=\/\";\n\t\t\t<\/script>\n\t\t\t\t\t\t\t\t<div class=\"qsm-auto-page-row qsm-question-page qsm-apc-1\" data-apid=\"1\" data-qpid=\"1\" style=\"display: none;\">\n\t\t\t\t\t\t\t\t<div class=\"quiz_section qsm-question-wrapper question-type-0  question-section-id-23 slide0 \">\n\t\t\t\t\t\t\t\t\t\t<span class='mlw_qmn_question_number'>1.&nbsp;<\/span>\n\t\t\t\t\t\t\t<div class='mlw_qmn_question ' >\n\t\t<p><img loading=\"lazy\" decoding=\"async\" class=\"size-medium wp-image-1966 alignleft\" src=\"https:\/\/www.alliancefr.pt\/setubal\/wp-content\/uploads\/sites\/7\/2017\/10\/quizz-alliancefr-300x201.jpg\" alt=\"\" width=\"300\" height=\"201\" srcset=\"https:\/\/www.alliancefr.pt\/setubal\/wp-content\/uploads\/sites\/7\/2017\/10\/quizz-alliancefr-300x201.jpg 300w, https:\/\/www.alliancefr.pt\/setubal\/wp-content\/uploads\/sites\/7\/2017\/10\/quizz-alliancefr.jpg 370w\" sizes=\"auto, (max-width: 300px) 100vw, 300px\" \/><br>L\u2019Alliance Fran\u00e7aise a \u00e9t\u00e9 fond\u00e9e en 1883. Laquelle de ces personnalit\u00e9s fut l\u2019un de ses fondateurs ?<\/p>\n\t<\/div>\n\t\t<fieldset>\n\t\t<legend><\/legend>\n\t<div class='qmn_radio_answers '>\n\t\t\t\t\t\t\t\t<div class=\"qmn_mc_answer_wrap  mrq_checkbox_class\" id=\"question23-1 \">\n\t\t\t\t\t\t\t\t\t\t\t<input type='radio' class='qmn_quiz_radio qmn-multiple-choice-input ' name=\"question23\" id=\"question23_1\" value=\"0\" \/>\n\t\t\t\t\t<label class=\"qsm-input-label\" for=\"question23_1\">\n\t\t\t\t\tJules Verne\t\t\t\t\t<\/label>\n\t\t\t\t\t \t\t\t\t<\/div>\n\t\t\t\t\t\t\t\t\t\t\t<div class=\"qmn_mc_answer_wrap  mrq_checkbox_class\" id=\"question23-2 \">\n\t\t\t\t\t\t\t\t\t\t\t<input type='radio' class='qmn_quiz_radio qmn-multiple-choice-input ' name=\"question23\" id=\"question23_2\" value=\"1\" \/>\n\t\t\t\t\t<label class=\"qsm-input-label\" for=\"question23_2\">\n\t\t\t\t\tAndr\u00e9 Malraux\t\t\t\t\t<\/label>\n\t\t\t\t\t \t\t\t\t<\/div>\n\t\t\t\t\t\t\t\t\t\t\t<div class=\"qmn_mc_answer_wrap  mrq_checkbox_class\" id=\"question23-3 \">\n\t\t\t\t\t\t\t\t\t\t\t<input type='radio' class='qmn_quiz_radio qmn-multiple-choice-input ' name=\"question23\" id=\"question23_3\" value=\"2\" \/>\n\t\t\t\t\t<label class=\"qsm-input-label\" for=\"question23_3\">\n\t\t\t\t\tAlbert Camus\t\t\t\t\t<\/label>\n\t\t\t\t\t \t\t\t\t<\/div>\n\t\t\t\t\t\t\t\t\t\t\t<div class=\"qmn_mc_answer_wrap  mrq_checkbox_class\" id=\"question23-4 \">\n\t\t\t\t\t\t\t\t\t\t\t<input type='radio' class='qmn_quiz_radio qmn-multiple-choice-input ' name=\"question23\" id=\"question23_4\" value=\"3\" \/>\n\t\t\t\t\t<label class=\"qsm-input-label\" for=\"question23_4\">\n\t\t\t\t\tJean-Paul Sartre\t\t\t\t\t<\/label>\n\t\t\t\t\t \t\t\t\t<\/div>\n\t\t\t\t\t \t\t\t<label style=\"display: none !important;\" for=\"question23_none\">None<\/label>\n\t\t\t<input type=\"radio\" style=\"display: none;\" name=\"question23\" id=\"question23_none\" checked=\"checked\" value=\"\" \/>\n\t\t\t\t<\/div>\n\t<\/fieldset>\n\t<input type=\"hidden\" name=\"answer_limit_keys_23\" value=\"\" \/>\n\t\t\t\t<\/div><!-- .quiz_section -->\n\t\t\t\t\t\t\t\t<\/div><!-- .qsm-auto-page-row -->\n\t\t\t\t\t\t\t\t\t\t<div class=\"qsm-auto-page-row qsm-question-page qsm-apc-2\" data-apid=\"2\" data-qpid=\"2\" style=\"display: none;\">\n\t\t\t\t\t\t\t\t<div class=\"quiz_section qsm-question-wrapper question-type-0  question-section-id-10 slide1 \">\n\t\t\t\t\t\t\t\t\t\t<span class='mlw_qmn_question_number'>2.&nbsp;<\/span>\n\t\t\t\t\t\t\t<div class='mlw_qmn_question ' >\n\t\t<p><img loading=\"lazy\" decoding=\"async\" class=\"size-medium wp-image-1981 alignleft\" src=\"https:\/\/www.alliancefr.pt\/setubal\/wp-content\/uploads\/sites\/7\/2017\/10\/quizz-alliancefr_agence-papyrus-300x201.jpg\" alt=\"\" width=\"300\" height=\"201\" srcset=\"https:\/\/www.alliancefr.pt\/setubal\/wp-content\/uploads\/sites\/7\/2017\/10\/quizz-alliancefr_agence-papyrus-300x201.jpg 300w, https:\/\/www.alliancefr.pt\/setubal\/wp-content\/uploads\/sites\/7\/2017\/10\/quizz-alliancefr_agence-papyrus.jpg 370w\" sizes=\"auto, (max-width: 300px) 100vw, 300px\" \/><br>La statue de la Libert\u00e9, dont le nom officiel est \u00ab la libert\u00e9 \u00e9clairant le monde \u00bb, est un cadeau de quel pays aux \u00c9tats-Unis ?<\/p>\n\t<\/div>\n\t\t<fieldset>\n\t\t<legend><\/legend>\n\t<div class='qmn_radio_answers '>\n\t\t\t\t\t\t\t\t<div class=\"qmn_mc_answer_wrap  mrq_checkbox_class\" id=\"question10-1 \">\n\t\t\t\t\t\t\t\t\t\t\t<input type='radio' class='qmn_quiz_radio qmn-multiple-choice-input ' name=\"question10\" id=\"question10_1\" value=\"0\" \/>\n\t\t\t\t\t<label class=\"qsm-input-label\" for=\"question10_1\">\n\t\t\t\t\tL' Italie\t\t\t\t\t<\/label>\n\t\t\t\t\t \t\t\t\t<\/div>\n\t\t\t\t\t\t\t\t\t\t\t<div class=\"qmn_mc_answer_wrap  mrq_checkbox_class\" id=\"question10-2 \">\n\t\t\t\t\t\t\t\t\t\t\t<input type='radio' class='qmn_quiz_radio qmn-multiple-choice-input ' name=\"question10\" id=\"question10_2\" value=\"1\" \/>\n\t\t\t\t\t<label class=\"qsm-input-label\" for=\"question10_2\">\n\t\t\t\t\tL' Angleterre\t\t\t\t\t<\/label>\n\t\t\t\t\t \t\t\t\t<\/div>\n\t\t\t\t\t\t\t\t\t\t\t<div class=\"qmn_mc_answer_wrap  mrq_checkbox_class\" id=\"question10-3 \">\n\t\t\t\t\t\t\t\t\t\t\t<input type='radio' class='qmn_quiz_radio qmn-multiple-choice-input ' name=\"question10\" id=\"question10_3\" value=\"2\" \/>\n\t\t\t\t\t<label class=\"qsm-input-label\" for=\"question10_3\">\n\t\t\t\t\tLa France\t\t\t\t\t<\/label>\n\t\t\t\t\t \t\t\t\t<\/div>\n\t\t\t\t\t\t\t\t\t\t\t<div class=\"qmn_mc_answer_wrap  mrq_checkbox_class\" id=\"question10-4 \">\n\t\t\t\t\t\t\t\t\t\t\t<input type='radio' class='qmn_quiz_radio qmn-multiple-choice-input ' name=\"question10\" id=\"question10_4\" value=\"3\" \/>\n\t\t\t\t\t<label class=\"qsm-input-label\" for=\"question10_4\">\n\t\t\t\t\tL' Allemagne\t\t\t\t\t<\/label>\n\t\t\t\t\t \t\t\t\t<\/div>\n\t\t\t\t\t \t\t\t<label style=\"display: none !important;\" for=\"question10_none\">None<\/label>\n\t\t\t<input type=\"radio\" style=\"display: none;\" name=\"question10\" id=\"question10_none\" checked=\"checked\" value=\"\" \/>\n\t\t\t\t<\/div>\n\t<\/fieldset>\n\t<input type=\"hidden\" name=\"answer_limit_keys_10\" value=\"\" \/>\n\t\t\t\t<\/div><!-- .quiz_section -->\n\t\t\t\t\t\t\t\t<\/div><!-- .qsm-auto-page-row -->\n\t\t\t\t\t\t\t\t\t\t<div class=\"qsm-auto-page-row qsm-question-page qsm-apc-3\" data-apid=\"3\" data-qpid=\"3\" style=\"display: none;\">\n\t\t\t\t\t\t\t\t<div class=\"quiz_section qsm-question-wrapper question-type-0  question-section-id-35 slide2 \">\n\t\t\t\t\t\t\t\t\t\t<span class='mlw_qmn_question_number'>3.&nbsp;<\/span>\n\t\t\t\t\t\t\t<div class='mlw_qmn_question ' >\n\t\t<p><img loading=\"lazy\" decoding=\"async\" class=\"wp-image-4597 size-medium alignleft\" src=\"https:\/\/www.alliancefr.pt\/setubal\/wp-content\/uploads\/sites\/7\/2018\/02\/quizz-aflisboa-300x201.jpg\" alt=\"quizz\" width=\"300\" height=\"201\" srcset=\"https:\/\/www.alliancefr.pt\/setubal\/wp-content\/uploads\/sites\/7\/2018\/02\/quizz-aflisboa-300x201.jpg 300w, https:\/\/www.alliancefr.pt\/setubal\/wp-content\/uploads\/sites\/7\/2018\/02\/quizz-aflisboa.jpg 370w\" sizes=\"auto, (max-width: 300px) 100vw, 300px\" \/><br \/> Henri Cartier-Bresson \u00e9tait un\u2026<\/p>\n\t<\/div>\n\t\t<fieldset>\n\t\t<legend><\/legend>\n\t<div class='qmn_radio_answers '>\n\t\t\t\t\t\t\t\t<div class=\"qmn_mc_answer_wrap  mrq_checkbox_class\" id=\"question35-1 \">\n\t\t\t\t\t\t\t\t\t\t\t<input type='radio' class='qmn_quiz_radio qmn-multiple-choice-input ' name=\"question35\" id=\"question35_1\" value=\"0\" \/>\n\t\t\t\t\t<label class=\"qsm-input-label\" for=\"question35_1\">\n\t\t\t\t\tPeintre fran\u00e7ais\t\t\t\t\t<\/label>\n\t\t\t\t\t \t\t\t\t<\/div>\n\t\t\t\t\t\t\t\t\t\t\t<div class=\"qmn_mc_answer_wrap  mrq_checkbox_class\" id=\"question35-2 \">\n\t\t\t\t\t\t\t\t\t\t\t<input type='radio' class='qmn_quiz_radio qmn-multiple-choice-input ' name=\"question35\" id=\"question35_2\" value=\"1\" \/>\n\t\t\t\t\t<label class=\"qsm-input-label\" for=\"question35_2\">\n\t\t\t\t\tSculpteur fran\u00e7ais\t\t\t\t\t<\/label>\n\t\t\t\t\t \t\t\t\t<\/div>\n\t\t\t\t\t\t\t\t\t\t\t<div class=\"qmn_mc_answer_wrap  mrq_checkbox_class\" id=\"question35-3 \">\n\t\t\t\t\t\t\t\t\t\t\t<input type='radio' class='qmn_quiz_radio qmn-multiple-choice-input ' name=\"question35\" id=\"question35_3\" value=\"2\" \/>\n\t\t\t\t\t<label class=\"qsm-input-label\" for=\"question35_3\">\n\t\t\t\t\tPo\u00e8te fran\u00e7ais\t\t\t\t\t<\/label>\n\t\t\t\t\t \t\t\t\t<\/div>\n\t\t\t\t\t\t\t\t\t\t\t<div class=\"qmn_mc_answer_wrap  mrq_checkbox_class\" id=\"question35-4 \">\n\t\t\t\t\t\t\t\t\t\t\t<input type='radio' class='qmn_quiz_radio qmn-multiple-choice-input ' name=\"question35\" id=\"question35_4\" value=\"3\" \/>\n\t\t\t\t\t<label class=\"qsm-input-label\" for=\"question35_4\">\n\t\t\t\t\tPhotographe fran\u00e7ais\t\t\t\t\t<\/label>\n\t\t\t\t\t \t\t\t\t<\/div>\n\t\t\t\t\t \t\t\t<label style=\"display: none !important;\" for=\"question35_none\">None<\/label>\n\t\t\t<input type=\"radio\" style=\"display: none;\" name=\"question35\" id=\"question35_none\" checked=\"checked\" value=\"\" \/>\n\t\t\t\t<\/div>\n\t<\/fieldset>\n\t<input type=\"hidden\" name=\"answer_limit_keys_35\" value=\"\" \/>\n\t\t\t\t<\/div><!-- .quiz_section -->\n\t\t\t\t\t\t\t\t<\/div><!-- .qsm-auto-page-row -->\n\t\t\t\t\t\t\t\t\t\t<div class=\"qsm-auto-page-row qsm-question-page qsm-apc-4\" data-apid=\"4\" data-qpid=\"4\" style=\"display: none;\">\n\t\t\t\t\t\t\t\t<div class=\"quiz_section qsm-question-wrapper question-type-0  question-section-id-7 slide3 \">\n\t\t\t\t\t\t\t\t\t\t<span class='mlw_qmn_question_number'>4.&nbsp;<\/span>\n\t\t\t\t\t\t\t<div class='mlw_qmn_question ' >\n\t\t<p><img loading=\"lazy\" decoding=\"async\" class=\"size-medium wp-image-1985 alignleft\" src=\"https:\/\/www.alliancefr.pt\/setubal\/wp-content\/uploads\/sites\/7\/2017\/10\/quizz-alliancefr-paramount.-300x201.jpg\" alt=\"\" width=\"300\" height=\"201\" srcset=\"https:\/\/www.alliancefr.pt\/setubal\/wp-content\/uploads\/sites\/7\/2017\/10\/quizz-alliancefr-paramount.-300x201.jpg 300w, https:\/\/www.alliancefr.pt\/setubal\/wp-content\/uploads\/sites\/7\/2017\/10\/quizz-alliancefr-paramount..jpg 370w\" sizes=\"auto, (max-width: 300px) 100vw, 300px\" \/><br>Comment s\u2019appelle l\u2019actrice principale du film Alli\u00e9s ?<\/p>\n\t<\/div>\n\t\t<fieldset>\n\t\t<legend><\/legend>\n\t<div class='qmn_radio_answers '>\n\t\t\t\t\t\t\t\t<div class=\"qmn_mc_answer_wrap  mrq_checkbox_class\" id=\"question7-1 \">\n\t\t\t\t\t\t\t\t\t\t\t<input type='radio' class='qmn_quiz_radio qmn-multiple-choice-input ' name=\"question7\" id=\"question7_1\" value=\"0\" \/>\n\t\t\t\t\t<label class=\"qsm-input-label\" for=\"question7_1\">\n\t\t\t\t\tIsabelle Huppert\t\t\t\t\t<\/label>\n\t\t\t\t\t \t\t\t\t<\/div>\n\t\t\t\t\t\t\t\t\t\t\t<div class=\"qmn_mc_answer_wrap  mrq_checkbox_class\" id=\"question7-2 \">\n\t\t\t\t\t\t\t\t\t\t\t<input type='radio' class='qmn_quiz_radio qmn-multiple-choice-input ' name=\"question7\" id=\"question7_2\" value=\"1\" \/>\n\t\t\t\t\t<label class=\"qsm-input-label\" for=\"question7_2\">\n\t\t\t\t\tM\u00e9lanie Laurent\t\t\t\t\t<\/label>\n\t\t\t\t\t \t\t\t\t<\/div>\n\t\t\t\t\t\t\t\t\t\t\t<div class=\"qmn_mc_answer_wrap  mrq_checkbox_class\" id=\"question7-3 \">\n\t\t\t\t\t\t\t\t\t\t\t<input type='radio' class='qmn_quiz_radio qmn-multiple-choice-input ' name=\"question7\" id=\"question7_3\" value=\"2\" \/>\n\t\t\t\t\t<label class=\"qsm-input-label\" for=\"question7_3\">\n\t\t\t\t\tMarion Cotillard\t\t\t\t\t<\/label>\n\t\t\t\t\t \t\t\t\t<\/div>\n\t\t\t\t\t\t\t\t\t\t\t<div class=\"qmn_mc_answer_wrap  mrq_checkbox_class\" id=\"question7-4 \">\n\t\t\t\t\t\t\t\t\t\t\t<input type='radio' class='qmn_quiz_radio qmn-multiple-choice-input ' name=\"question7\" id=\"question7_4\" value=\"3\" \/>\n\t\t\t\t\t<label class=\"qsm-input-label\" for=\"question7_4\">\n\t\t\t\t\tEva Green\t\t\t\t\t<\/label>\n\t\t\t\t\t \t\t\t\t<\/div>\n\t\t\t\t\t \t\t\t<label style=\"display: none !important;\" for=\"question7_none\">None<\/label>\n\t\t\t<input type=\"radio\" style=\"display: none;\" name=\"question7\" id=\"question7_none\" checked=\"checked\" value=\"\" \/>\n\t\t\t\t<\/div>\n\t<\/fieldset>\n\t<input type=\"hidden\" name=\"answer_limit_keys_7\" value=\"\" \/>\n\t\t\t\t<\/div><!-- .quiz_section -->\n\t\t\t\t\t\t\t\t<\/div><!-- .qsm-auto-page-row -->\n\t\t\t\t\t\t\t\t\t\t<div class=\"qsm-auto-page-row qsm-question-page qsm-apc-5\" data-apid=\"5\" data-qpid=\"5\" style=\"display: none;\">\n\t\t\t\t\t\t\t\t<div class=\"quiz_section qsm-question-wrapper question-type-0  question-section-id-22 slide4 \">\n\t\t\t\t\t\t\t\t\t\t<span class='mlw_qmn_question_number'>5.&nbsp;<\/span>\n\t\t\t\t\t\t\t<div class='mlw_qmn_question ' >\n\t\t<p><img loading=\"lazy\" decoding=\"async\" class=\"size-medium wp-image-1965 alignleft\" src=\"https:\/\/www.alliancefr.pt\/setubal\/wp-content\/uploads\/sites\/7\/2017\/10\/quizz-alliancefr-Jorge-Royan-300x201.jpg\" alt=\"\" width=\"300\" height=\"201\" srcset=\"https:\/\/www.alliancefr.pt\/setubal\/wp-content\/uploads\/sites\/7\/2017\/10\/quizz-alliancefr-Jorge-Royan-300x201.jpg 300w, https:\/\/www.alliancefr.pt\/setubal\/wp-content\/uploads\/sites\/7\/2017\/10\/quizz-alliancefr-Jorge-Royan.jpg 370w\" sizes=\"auto, (max-width: 300px) 100vw, 300px\" \/><br>Quel est le mus\u00e9e le plus visit\u00e9 au monde ?<\/p>\n\t<\/div>\n\t\t<fieldset>\n\t\t<legend><\/legend>\n\t<div class='qmn_radio_answers '>\n\t\t\t\t\t\t\t\t<div class=\"qmn_mc_answer_wrap  mrq_checkbox_class\" id=\"question22-1 \">\n\t\t\t\t\t\t\t\t\t\t\t<input type='radio' class='qmn_quiz_radio qmn-multiple-choice-input ' name=\"question22\" id=\"question22_1\" value=\"0\" \/>\n\t\t\t\t\t<label class=\"qsm-input-label\" for=\"question22_1\">\n\t\t\t\t\tMus\u00e9e du Vatican\t\t\t\t\t<\/label>\n\t\t\t\t\t \t\t\t\t<\/div>\n\t\t\t\t\t\t\t\t\t\t\t<div class=\"qmn_mc_answer_wrap  mrq_checkbox_class\" id=\"question22-2 \">\n\t\t\t\t\t\t\t\t\t\t\t<input type='radio' class='qmn_quiz_radio qmn-multiple-choice-input ' name=\"question22\" id=\"question22_2\" value=\"1\" \/>\n\t\t\t\t\t<label class=\"qsm-input-label\" for=\"question22_2\">\n\t\t\t\t\tCentre Pompidou\t\t\t\t\t<\/label>\n\t\t\t\t\t \t\t\t\t<\/div>\n\t\t\t\t\t\t\t\t\t\t\t<div class=\"qmn_mc_answer_wrap  mrq_checkbox_class\" id=\"question22-3 \">\n\t\t\t\t\t\t\t\t\t\t\t<input type='radio' class='qmn_quiz_radio qmn-multiple-choice-input ' name=\"question22\" id=\"question22_3\" value=\"2\" \/>\n\t\t\t\t\t<label class=\"qsm-input-label\" for=\"question22_3\">\n\t\t\t\t\tLouvre\t\t\t\t\t<\/label>\n\t\t\t\t\t \t\t\t\t<\/div>\n\t\t\t\t\t\t\t\t\t\t\t<div class=\"qmn_mc_answer_wrap  mrq_checkbox_class\" id=\"question22-4 \">\n\t\t\t\t\t\t\t\t\t\t\t<input type='radio' class='qmn_quiz_radio qmn-multiple-choice-input ' name=\"question22\" id=\"question22_4\" value=\"3\" \/>\n\t\t\t\t\t<label class=\"qsm-input-label\" for=\"question22_4\">\n\t\t\t\t\tTate Modern\t\t\t\t\t<\/label>\n\t\t\t\t\t \t\t\t\t<\/div>\n\t\t\t\t\t \t\t\t<label style=\"display: none !important;\" for=\"question22_none\">None<\/label>\n\t\t\t<input type=\"radio\" style=\"display: none;\" name=\"question22\" id=\"question22_none\" checked=\"checked\" value=\"\" \/>\n\t\t\t\t<\/div>\n\t<\/fieldset>\n\t<input type=\"hidden\" name=\"answer_limit_keys_22\" value=\"\" \/>\n\t\t\t\t<\/div><!-- .quiz_section -->\n\t\t\t\t\t\t\t\t<\/div><!-- .qsm-auto-page-row -->\n\t\t\t\t\t\t\t\t\t\t<div class=\"qsm-auto-page-row qsm-question-page qsm-apc-6\" data-apid=\"6\" data-qpid=\"6\" style=\"display: none;\">\n\t\t\t\t\t\t\t\t<div class=\"quiz_section qsm-question-wrapper question-type-0  question-section-id-29 slide5 \">\n\t\t\t\t\t\t\t\t\t\t<span class='mlw_qmn_question_number'>6.&nbsp;<\/span>\n\t\t\t\t\t\t\t<div class='mlw_qmn_question ' >\n\t\t<p><img loading=\"lazy\" decoding=\"async\" class=\"size-medium wp-image-1964 alignleft\" src=\"https:\/\/www.alliancefr.pt\/setubal\/wp-content\/uploads\/sites\/7\/2017\/10\/quizz-alliancefr-miramax-300x201.jpg\" alt=\"\" width=\"300\" height=\"201\" srcset=\"https:\/\/www.alliancefr.pt\/setubal\/wp-content\/uploads\/sites\/7\/2017\/10\/quizz-alliancefr-miramax-300x201.jpg 300w, https:\/\/www.alliancefr.pt\/setubal\/wp-content\/uploads\/sites\/7\/2017\/10\/quizz-alliancefr-miramax.jpg 370w\" sizes=\"auto, (max-width: 300px) 100vw, 300px\" \/><br>Comment s\u2019appelle l\u2019actrice principale du film Le Fabuleux Destin d\u2019Am\u00e9lie Poulain ?<\/p>\n\t<\/div>\n\t\t<fieldset>\n\t\t<legend><\/legend>\n\t<div class='qmn_radio_answers '>\n\t\t\t\t\t\t\t\t<div class=\"qmn_mc_answer_wrap  mrq_checkbox_class\" id=\"question29-1 \">\n\t\t\t\t\t\t\t\t\t\t\t<input type='radio' class='qmn_quiz_radio qmn-multiple-choice-input ' name=\"question29\" id=\"question29_1\" value=\"0\" \/>\n\t\t\t\t\t<label class=\"qsm-input-label\" for=\"question29_1\">\n\t\t\t\t\tAudrey Tautou\t\t\t\t\t<\/label>\n\t\t\t\t\t \t\t\t\t<\/div>\n\t\t\t\t\t\t\t\t\t\t\t<div class=\"qmn_mc_answer_wrap  mrq_checkbox_class\" id=\"question29-2 \">\n\t\t\t\t\t\t\t\t\t\t\t<input type='radio' class='qmn_quiz_radio qmn-multiple-choice-input ' name=\"question29\" id=\"question29_2\" value=\"1\" \/>\n\t\t\t\t\t<label class=\"qsm-input-label\" for=\"question29_2\">\n\t\t\t\t\tJuliette Binoche\t\t\t\t\t<\/label>\n\t\t\t\t\t \t\t\t\t<\/div>\n\t\t\t\t\t\t\t\t\t\t\t<div class=\"qmn_mc_answer_wrap  mrq_checkbox_class\" id=\"question29-3 \">\n\t\t\t\t\t\t\t\t\t\t\t<input type='radio' class='qmn_quiz_radio qmn-multiple-choice-input ' name=\"question29\" id=\"question29_3\" value=\"2\" \/>\n\t\t\t\t\t<label class=\"qsm-input-label\" for=\"question29_3\">\n\t\t\t\t\tCatherine Deneuve\t\t\t\t\t<\/label>\n\t\t\t\t\t \t\t\t\t<\/div>\n\t\t\t\t\t\t\t\t\t\t\t<div class=\"qmn_mc_answer_wrap  mrq_checkbox_class\" id=\"question29-4 \">\n\t\t\t\t\t\t\t\t\t\t\t<input type='radio' class='qmn_quiz_radio qmn-multiple-choice-input ' name=\"question29\" id=\"question29_4\" value=\"3\" \/>\n\t\t\t\t\t<label class=\"qsm-input-label\" for=\"question29_4\">\n\t\t\t\t\tBrigitte Bardot\t\t\t\t\t<\/label>\n\t\t\t\t\t \t\t\t\t<\/div>\n\t\t\t\t\t \t\t\t<label style=\"display: none !important;\" for=\"question29_none\">None<\/label>\n\t\t\t<input type=\"radio\" style=\"display: none;\" name=\"question29\" id=\"question29_none\" checked=\"checked\" value=\"\" \/>\n\t\t\t\t<\/div>\n\t<\/fieldset>\n\t<input type=\"hidden\" name=\"answer_limit_keys_29\" value=\"\" \/>\n\t\t\t\t<\/div><!-- .quiz_section -->\n\t\t\t\t\t\t\t\t<\/div><!-- .qsm-auto-page-row -->\n\t\t\t\t\t\t\t\t\t\t<div class=\"qsm-auto-page-row qsm-question-page qsm-apc-7\" data-apid=\"7\" data-qpid=\"7\" style=\"display: none;\">\n\t\t\t\t\t\t\t\t<div class=\"quiz_section qsm-question-wrapper question-type-0  question-section-id-20 slide6 \">\n\t\t\t\t\t\t\t\t\t\t<span class='mlw_qmn_question_number'>7.&nbsp;<\/span>\n\t\t\t\t\t\t\t<div class='mlw_qmn_question ' >\n\t\t<p><img loading=\"lazy\" decoding=\"async\" class=\"size-medium wp-image-1973 alignleft\" src=\"https:\/\/www.alliancefr.pt\/setubal\/wp-content\/uploads\/sites\/7\/2017\/10\/quizz-alliancefr_dominio_publico-300x201.jpg\" alt=\"\" width=\"300\" height=\"201\" srcset=\"https:\/\/www.alliancefr.pt\/setubal\/wp-content\/uploads\/sites\/7\/2017\/10\/quizz-alliancefr_dominio_publico-300x201.jpg 300w, https:\/\/www.alliancefr.pt\/setubal\/wp-content\/uploads\/sites\/7\/2017\/10\/quizz-alliancefr_dominio_publico.jpg 370w\" sizes=\"auto, (max-width: 300px) 100vw, 300px\" \/><br>Joana d\u2019Arc est consid\u00e9r\u00e9e comme la sainte patronne de Paris<\/p>\n\t<\/div>\n\t\t<fieldset>\n\t\t<legend><\/legend>\n\t<div class='qmn_radio_answers '>\n\t\t\t\t\t\t\t\t<div class=\"qmn_mc_answer_wrap  mrq_checkbox_class\" id=\"question20-1 \">\n\t\t\t\t\t\t\t\t\t\t\t<input type='radio' class='qmn_quiz_radio qmn-multiple-choice-input ' name=\"question20\" id=\"question20_1\" value=\"0\" \/>\n\t\t\t\t\t<label class=\"qsm-input-label\" for=\"question20_1\">\n\t\t\t\t\tVrai\t\t\t\t\t<\/label>\n\t\t\t\t\t \t\t\t\t<\/div>\n\t\t\t\t\t\t\t\t\t\t\t<div class=\"qmn_mc_answer_wrap  mrq_checkbox_class\" id=\"question20-2 \">\n\t\t\t\t\t\t\t\t\t\t\t<input type='radio' class='qmn_quiz_radio qmn-multiple-choice-input ' name=\"question20\" id=\"question20_2\" value=\"1\" \/>\n\t\t\t\t\t<label class=\"qsm-input-label\" for=\"question20_2\">\n\t\t\t\t\tFaux\t\t\t\t\t<\/label>\n\t\t\t\t\t \t\t\t\t<\/div>\n\t\t\t\t\t \t\t\t<label style=\"display: none !important;\" for=\"question20_none\">None<\/label>\n\t\t\t<input type=\"radio\" style=\"display: none;\" name=\"question20\" id=\"question20_none\" checked=\"checked\" value=\"\" \/>\n\t\t\t\t<\/div>\n\t<\/fieldset>\n\t<input type=\"hidden\" name=\"answer_limit_keys_20\" value=\"\" \/>\n\t\t\t\t<\/div><!-- .quiz_section -->\n\t\t\t\t\t\t\t\t<\/div><!-- .qsm-auto-page-row -->\n\t\t\t\t\t\t\t\t\t\t<div class=\"qsm-auto-page-row qsm-question-page qsm-apc-8\" data-apid=\"8\" data-qpid=\"8\" style=\"display: none;\">\n\t\t\t\t\t\t\t\t<div class=\"quiz_section qsm-question-wrapper question-type-0  question-section-id-36 slide7 \">\n\t\t\t\t\t\t\t\t\t\t<span class='mlw_qmn_question_number'>8.&nbsp;<\/span>\n\t\t\t\t\t\t\t<div class='mlw_qmn_question ' >\n\t\t<p><img loading=\"lazy\" decoding=\"async\" class=\"size-medium wp-image-2242 alignleft\" src=\"https:\/\/www.alliancefr.pt\/setubal\/wp-content\/uploads\/sites\/7\/2017\/10\/quizz-300x201.jpg\" alt=\"\" width=\"300\" height=\"201\" srcset=\"https:\/\/www.alliancefr.pt\/setubal\/wp-content\/uploads\/sites\/7\/2017\/10\/quizz-300x201.jpg 300w, https:\/\/www.alliancefr.pt\/setubal\/wp-content\/uploads\/sites\/7\/2017\/10\/quizz.jpg 370w\" sizes=\"auto, (max-width: 300px) 100vw, 300px\" \/><br>Jean-Luc Godard est un cin\u00e9aste franco-suisse<\/p>\n\t<\/div>\n\t\t<fieldset>\n\t\t<legend><\/legend>\n\t<div class='qmn_radio_answers '>\n\t\t\t\t\t\t\t\t<div class=\"qmn_mc_answer_wrap  mrq_checkbox_class\" id=\"question36-1 \">\n\t\t\t\t\t\t\t\t\t\t\t<input type='radio' class='qmn_quiz_radio qmn-multiple-choice-input ' name=\"question36\" id=\"question36_1\" value=\"0\" \/>\n\t\t\t\t\t<label class=\"qsm-input-label\" for=\"question36_1\">\n\t\t\t\t\tVrai\t\t\t\t\t<\/label>\n\t\t\t\t\t \t\t\t\t<\/div>\n\t\t\t\t\t\t\t\t\t\t\t<div class=\"qmn_mc_answer_wrap  mrq_checkbox_class\" id=\"question36-2 \">\n\t\t\t\t\t\t\t\t\t\t\t<input type='radio' class='qmn_quiz_radio qmn-multiple-choice-input ' name=\"question36\" id=\"question36_2\" value=\"1\" \/>\n\t\t\t\t\t<label class=\"qsm-input-label\" for=\"question36_2\">\n\t\t\t\t\tFaux\t\t\t\t\t<\/label>\n\t\t\t\t\t \t\t\t\t<\/div>\n\t\t\t\t\t \t\t\t<label style=\"display: none !important;\" for=\"question36_none\">None<\/label>\n\t\t\t<input type=\"radio\" style=\"display: none;\" name=\"question36\" id=\"question36_none\" checked=\"checked\" value=\"\" \/>\n\t\t\t\t<\/div>\n\t<\/fieldset>\n\t<input type=\"hidden\" name=\"answer_limit_keys_36\" value=\"\" \/>\n\t\t\t\t<\/div><!-- .quiz_section -->\n\t\t\t\t\t\t\t\t<\/div><!-- .qsm-auto-page-row -->\n\t\t\t\t\t\t\t\t\t\t<div class=\"qsm-auto-page-row qsm-question-page qsm-apc-9\" data-apid=\"9\" data-qpid=\"9\" style=\"display: none;\">\n\t\t\t\t\t\t\t\t<div class=\"quiz_section qsm-question-wrapper question-type-0  question-section-id-6 slide8 \">\n\t\t\t\t\t\t\t\t\t\t<span class='mlw_qmn_question_number'>9.&nbsp;<\/span>\n\t\t\t\t\t\t\t<div class='mlw_qmn_question ' >\n\t\t<p><img loading=\"lazy\" decoding=\"async\" class=\"wp-image-4598 size-medium alignleft\" src=\"https:\/\/www.alliancefr.pt\/setubal\/wp-content\/uploads\/sites\/7\/2018\/02\/quizz-alliance-francaise-quizz-300x201.jpg\" alt=\"quizz\" width=\"300\" height=\"201\" srcset=\"https:\/\/www.alliancefr.pt\/setubal\/wp-content\/uploads\/sites\/7\/2018\/02\/quizz-alliance-francaise-quizz-300x201.jpg 300w, https:\/\/www.alliancefr.pt\/setubal\/wp-content\/uploads\/sites\/7\/2018\/02\/quizz-alliance-francaise-quizz.jpg 370w\" sizes=\"auto, (max-width: 300px) 100vw, 300px\" \/><br \/> Le fran\u00e7ais est une langue celtique<\/p>\n\t<\/div>\n\t\t<fieldset>\n\t\t<legend><\/legend>\n\t<div class='qmn_radio_answers '>\n\t\t\t\t\t\t\t\t<div class=\"qmn_mc_answer_wrap  mrq_checkbox_class\" id=\"question6-1 \">\n\t\t\t\t\t\t\t\t\t\t\t<input type='radio' class='qmn_quiz_radio qmn-multiple-choice-input ' name=\"question6\" id=\"question6_1\" value=\"0\" \/>\n\t\t\t\t\t<label class=\"qsm-input-label\" for=\"question6_1\">\n\t\t\t\t\tVrai\t\t\t\t\t<\/label>\n\t\t\t\t\t \t\t\t\t<\/div>\n\t\t\t\t\t\t\t\t\t\t\t<div class=\"qmn_mc_answer_wrap  mrq_checkbox_class\" id=\"question6-2 \">\n\t\t\t\t\t\t\t\t\t\t\t<input type='radio' class='qmn_quiz_radio qmn-multiple-choice-input ' name=\"question6\" id=\"question6_2\" value=\"1\" \/>\n\t\t\t\t\t<label class=\"qsm-input-label\" for=\"question6_2\">\n\t\t\t\t\tFaux\t\t\t\t\t<\/label>\n\t\t\t\t\t \t\t\t\t<\/div>\n\t\t\t\t\t \t\t\t<label style=\"display: none !important;\" for=\"question6_none\">None<\/label>\n\t\t\t<input type=\"radio\" style=\"display: none;\" name=\"question6\" id=\"question6_none\" checked=\"checked\" value=\"\" \/>\n\t\t\t\t<\/div>\n\t<\/fieldset>\n\t<input type=\"hidden\" name=\"answer_limit_keys_6\" value=\"\" \/>\n\t\t\t\t<\/div><!-- .quiz_section -->\n\t\t\t\t\t\t\t\t<\/div><!-- .qsm-auto-page-row -->\n\t\t\t\t\t\t\t\t\t\t<div class=\"qsm-auto-page-row qsm-question-page qsm-apc-10\" data-apid=\"10\" data-qpid=\"10\" style=\"display: none;\">\n\t\t\t\t\t\t\t\t<div class=\"quiz_section qsm-question-wrapper question-type-0  question-section-id-33 slide9 \">\n\t\t\t\t\t\t\t\t\t\t<span class='mlw_qmn_question_number'>10.&nbsp;<\/span>\n\t\t\t\t\t\t\t<div class='mlw_qmn_question ' >\n\t\t<p><img loading=\"lazy\" decoding=\"async\" class=\"size-medium wp-image-2198 alignleft\" src=\"https:\/\/www.alliancefr.pt\/setubal\/wp-content\/uploads\/sites\/7\/2017\/10\/quizz_alliance_fr.map_-300x201.jpg\" alt=\"\" width=\"300\" height=\"201\" srcset=\"https:\/\/www.alliancefr.pt\/setubal\/wp-content\/uploads\/sites\/7\/2017\/10\/quizz_alliance_fr.map_-300x201.jpg 300w, https:\/\/www.alliancefr.pt\/setubal\/wp-content\/uploads\/sites\/7\/2017\/10\/quizz_alliance_fr.map_.jpg 370w\" sizes=\"auto, (max-width: 300px) 100vw, 300px\" \/><br>La France fait fronti\u00e8re avec 10 pays<\/p>\n\t<\/div>\n\t\t<fieldset>\n\t\t<legend><\/legend>\n\t<div class='qmn_radio_answers '>\n\t\t\t\t\t\t\t\t<div class=\"qmn_mc_answer_wrap  mrq_checkbox_class\" id=\"question33-1 \">\n\t\t\t\t\t\t\t\t\t\t\t<input type='radio' class='qmn_quiz_radio qmn-multiple-choice-input ' name=\"question33\" id=\"question33_1\" value=\"0\" \/>\n\t\t\t\t\t<label class=\"qsm-input-label\" for=\"question33_1\">\n\t\t\t\t\tVrai\t\t\t\t\t<\/label>\n\t\t\t\t\t \t\t\t\t<\/div>\n\t\t\t\t\t\t\t\t\t\t\t<div class=\"qmn_mc_answer_wrap  mrq_checkbox_class\" id=\"question33-2 \">\n\t\t\t\t\t\t\t\t\t\t\t<input type='radio' class='qmn_quiz_radio qmn-multiple-choice-input ' name=\"question33\" id=\"question33_2\" value=\"1\" \/>\n\t\t\t\t\t<label class=\"qsm-input-label\" for=\"question33_2\">\n\t\t\t\t\tFaux\t\t\t\t\t<\/label>\n\t\t\t\t\t \t\t\t\t<\/div>\n\t\t\t\t\t \t\t\t<label style=\"display: none !important;\" for=\"question33_none\">None<\/label>\n\t\t\t<input type=\"radio\" style=\"display: none;\" name=\"question33\" id=\"question33_none\" checked=\"checked\" value=\"\" \/>\n\t\t\t\t<\/div>\n\t<\/fieldset>\n\t<input type=\"hidden\" name=\"answer_limit_keys_33\" value=\"\" \/>\n\t\t\t\t<\/div><!-- .quiz_section -->\n\t\t\t\t\t\t\t\t<\/div><!-- .qsm-auto-page-row -->\n\t\t\t\t\t\t\t<input type=\"hidden\" name=\"qmn_question_list\" value=\"23Q10Q35Q7Q22Q29Q20Q36Q6Q33Q\" \/>\n\t\t\t\t\t<br \/>\n\t\t\t<div class=\"qsm-auto-page-row quiz_section quiz_end qsm-d-none\">\n\t\t\t\t\t\t\t\t\t<div class=\"qsm_contact_div qsm-contact-type-text\">\n\t\t\t\t\t\t\t\t\t\t\t<span class='mlw_qmn_question qsm_question'><label for=\"contact_field_0\">Parab\u00e9ns, chegaste ao fim do Quizz! Indica-nos o teu nome e email e enviaremos os resultados.&lt;br&gt;&lt;br&gt;Nome<\/label><\/span>\n\t\t\t\t\t\t\t\t<input type='text' class='mlwRequiredText qsm_required_text'  name='contact_field_0' id='contact_field_0'  value=''  placeholder='Parab\u00e9ns, chegaste ao fim do Quizz! Indica-nos o teu nome e email e enviaremos os resultados.Nome'  \/>\n\t\t\t\t\t\t\t\t\t<\/div>\n\t\t\t\t\t\t\t\t\t\t<div class=\"qsm_contact_div qsm-contact-type-email\">\n\t\t\t\t\t\t\t\t\t\t\t<span class='mlw_qmn_question qsm_question'><label for=\"contact_field_1\">Email<\/label><\/span>\n\t\t\t\t\t\t\t\t<input type='email' class='mlwEmail mlwRequiredText qsm_required_text'  name='contact_field_1' id='contact_field_1'  value=''  placeholder='Email'  \/>\n\t\t\t\t\t\t\t\t\t<\/div>\n\t\t\t\t\t\t\t\t\t\t<div class=\"qsm_contact_div qsm-contact-type-checkbox\">\n\t\t\t\t\t\t\t\t\t\t<input type='checkbox' class=''  name='contact_field_2' id='contact_field_2'  value='checked' \/>\n\t\t\t\t<label class='mlw_qmn_question qsm_question' for='contact_field_2'>Subscreve a newsletter de Lisboa para receber informa\u00e7\u00f5es sobre passatempos, forma\u00e7\u00f5es e eventos.<\/label>\n\t\t\t\t\t\t\t\t\t<\/div>\n\t\t\t\t\t\t\t\t\t\t\t\t<\/div>\n\t\t\t\t\t\t\t\t<div id=\"mlw_error_message_bottom\" class=\"qsm-error-message qmn_error_message_section\"><\/div>\n\t\t\t\t\t<input type=\"hidden\" name=\"qmn_all_questions_count\" id=\"qmn_all_questions_count\" value=\"10\" \/>\n\t\t\t\t\t<input type=\"hidden\" name=\"total_questions\" id=\"total_questions\" value=\"10\" \/>\n\t\t\t\t\t<input type=\"hidden\" name=\"timer\" id=\"timer\" value=\"0\" \/>\n\t\t\t\t\t<input type=\"hidden\" name=\"timer_ms\" id=\"timer_ms\" value=\"0\"\/>\n\t\t\t\t\t<input type=\"hidden\" class=\"qmn_quiz_id\" name=\"qmn_quiz_id\" id=\"qmn_quiz_id\" value=\"1\" \/>\n\t\t\t\t\t<input type='hidden' name='complete_quiz' value='confirmation' \/>\n\t\t\t\t\t\t\t\t\t<\/form>\n\t\t\t\t\t\t<\/div>\n\t\t<div style=\"display: none;\" class=\"qsm-popup qsm-popup-slide\" id=\"modal-4\" aria-hidden=\"false\"><div class=\"qsm-popup__overlay\" tabindex=\"-1\" data-micromodal-close=\"\"><div class=\"qsm-popup__container qmn_quiz_container\" role=\"dialog\" aria-modal=\"true\"><div class=\"qsm-popup__content\"><img decoding=\"async\" src=\"https:\/\/www.alliancefr.pt\/setubal\/wp-content\/plugins\/quiz-master-next\/assets\/clock.png\" alt=\"clock.png\"\/><p class=\"qsm-time-up-text\"> Time's up<\/p><\/div><footer class=\"qsm-popup__footer\"><button class=\"qsm-popup-secondary-button qmn_btn\" data-micromodal-close=\"\" aria-label=\"Close this dialog window\" onclick=\"location.reload();\">Cancel<\/button><\/footer><\/div><\/div><\/div>\n","protected":false},"excerpt":{"rendered":"","protected":false},"author":1,"featured_media":0,"parent":0,"menu_order":0,"comment_status":"closed","ping_status":"closed","template":"quizz.php","meta":{"_acf_changed":false,"_et_pb_use_builder":"","_et_pb_old_content":"","_et_gb_content_width":"","_exactmetrics_skip_tracking":false,"_exactmetrics_sitenote_active":false,"_exactmetrics_sitenote_note":"","_exactmetrics_sitenote_category":0,"footnotes":""},"class_list":["post-1793","page","type-page","status-publish","hentry"],"acf":[],"yoast_head":"<!-- This site is optimized with the Yoast SEO plugin v27.0 - https:\/\/yoast.com\/product\/yoast-seo-wordpress\/ -->\n<title>Quizz sobre o universo franc\u00eas - Alliance Fran\u00e7aise de Lisboa<\/title>\n<meta name=\"description\" content=\"Quizz - Divirta-se e descubra mais sobre o universo franc\u00eas com a Alliance Fran\u00e7aise de Lisboa. Vamos come\u00e7ar? Sabia que ...\" \/>\n<meta name=\"robots\" content=\"index, follow, max-snippet:-1, max-image-preview:large, max-video-preview:-1\" \/>\n<link rel=\"canonical\" href=\"https:\/\/www.alliancefr.pt\/setubal\/quizz-frances\/\" \/>\n<meta property=\"og:locale\" content=\"pt_PT\" \/>\n<meta property=\"og:type\" content=\"article\" \/>\n<meta property=\"og:title\" content=\"Quizz sobre o universo franc\u00eas - Alliance Fran\u00e7aise de Lisboa\" \/>\n<meta property=\"og:description\" content=\"Quizz - Divirta-se e descubra mais sobre o universo franc\u00eas com a Alliance Fran\u00e7aise de Lisboa. Vamos come\u00e7ar? Sabia que ...\" \/>\n<meta property=\"og:url\" content=\"https:\/\/www.alliancefr.pt\/setubal\/quizz-frances\/\" \/>\n<meta property=\"og:site_name\" content=\"Alliance Fran\u00e7aise Set\u00fabal\" \/>\n<meta property=\"article:modified_time\" content=\"2017-11-03T09:44:26+00:00\" \/>\n<meta name=\"twitter:card\" content=\"summary_large_image\" \/>\n<script type=\"application\/ld+json\" class=\"yoast-schema-graph\">{\"@context\":\"https:\/\/schema.org\",\"@graph\":[{\"@type\":\"WebPage\",\"@id\":\"https:\/\/www.alliancefr.pt\/setubal\/quizz-frances\/\",\"url\":\"https:\/\/www.alliancefr.pt\/setubal\/quizz-frances\/\",\"name\":\"Quizz sobre o universo franc\u00eas - Alliance Fran\u00e7aise de Lisboa\",\"isPartOf\":{\"@id\":\"https:\/\/www.alliancefr.pt\/setubal\/#website\"},\"datePublished\":\"2017-10-20T11:04:25+00:00\",\"dateModified\":\"2017-11-03T09:44:26+00:00\",\"description\":\"Quizz - Divirta-se e descubra mais sobre o universo franc\u00eas com a Alliance Fran\u00e7aise de Lisboa. Vamos come\u00e7ar? Sabia que ...\",\"breadcrumb\":{\"@id\":\"https:\/\/www.alliancefr.pt\/setubal\/quizz-frances\/#breadcrumb\"},\"inLanguage\":\"pt-PT\",\"potentialAction\":[{\"@type\":\"ReadAction\",\"target\":[\"https:\/\/www.alliancefr.pt\/setubal\/quizz-frances\/\"]}]},{\"@type\":\"BreadcrumbList\",\"@id\":\"https:\/\/www.alliancefr.pt\/setubal\/quizz-frances\/#breadcrumb\",\"itemListElement\":[{\"@type\":\"ListItem\",\"position\":1,\"name\":\"In\u00edcio\",\"item\":\"https:\/\/www.alliancefr.pt\/setubal\/\"},{\"@type\":\"ListItem\",\"position\":2,\"name\":\"Quizz\"}]},{\"@type\":\"WebSite\",\"@id\":\"https:\/\/www.alliancefr.pt\/setubal\/#website\",\"url\":\"https:\/\/www.alliancefr.pt\/setubal\/\",\"name\":\"Alliance Fran\u00e7aise Set\u00fabal\",\"description\":\"Alliances Fran\u00e7aises de Lisbonne\",\"potentialAction\":[{\"@type\":\"SearchAction\",\"target\":{\"@type\":\"EntryPoint\",\"urlTemplate\":\"https:\/\/www.alliancefr.pt\/setubal\/?s={search_term_string}\"},\"query-input\":{\"@type\":\"PropertyValueSpecification\",\"valueRequired\":true,\"valueName\":\"search_term_string\"}}],\"inLanguage\":\"pt-PT\"}]}<\/script>\n<!-- \/ Yoast SEO plugin. -->","yoast_head_json":{"title":"Quizz sobre o universo franc\u00eas - Alliance Fran\u00e7aise de Lisboa","description":"Quizz - Divirta-se e descubra mais sobre o universo franc\u00eas com a Alliance Fran\u00e7aise de Lisboa. Vamos come\u00e7ar? Sabia que ...","robots":{"index":"index","follow":"follow","max-snippet":"max-snippet:-1","max-image-preview":"max-image-preview:large","max-video-preview":"max-video-preview:-1"},"canonical":"https:\/\/www.alliancefr.pt\/setubal\/quizz-frances\/","og_locale":"pt_PT","og_type":"article","og_title":"Quizz sobre o universo franc\u00eas - Alliance Fran\u00e7aise de Lisboa","og_description":"Quizz - Divirta-se e descubra mais sobre o universo franc\u00eas com a Alliance Fran\u00e7aise de Lisboa. Vamos come\u00e7ar? Sabia que ...","og_url":"https:\/\/www.alliancefr.pt\/setubal\/quizz-frances\/","og_site_name":"Alliance Fran\u00e7aise Set\u00fabal","article_modified_time":"2017-11-03T09:44:26+00:00","twitter_card":"summary_large_image","schema":{"@context":"https:\/\/schema.org","@graph":[{"@type":"WebPage","@id":"https:\/\/www.alliancefr.pt\/setubal\/quizz-frances\/","url":"https:\/\/www.alliancefr.pt\/setubal\/quizz-frances\/","name":"Quizz sobre o universo franc\u00eas - Alliance Fran\u00e7aise de Lisboa","isPartOf":{"@id":"https:\/\/www.alliancefr.pt\/setubal\/#website"},"datePublished":"2017-10-20T11:04:25+00:00","dateModified":"2017-11-03T09:44:26+00:00","description":"Quizz - Divirta-se e descubra mais sobre o universo franc\u00eas com a Alliance Fran\u00e7aise de Lisboa. Vamos come\u00e7ar? Sabia que ...","breadcrumb":{"@id":"https:\/\/www.alliancefr.pt\/setubal\/quizz-frances\/#breadcrumb"},"inLanguage":"pt-PT","potentialAction":[{"@type":"ReadAction","target":["https:\/\/www.alliancefr.pt\/setubal\/quizz-frances\/"]}]},{"@type":"BreadcrumbList","@id":"https:\/\/www.alliancefr.pt\/setubal\/quizz-frances\/#breadcrumb","itemListElement":[{"@type":"ListItem","position":1,"name":"In\u00edcio","item":"https:\/\/www.alliancefr.pt\/setubal\/"},{"@type":"ListItem","position":2,"name":"Quizz"}]},{"@type":"WebSite","@id":"https:\/\/www.alliancefr.pt\/setubal\/#website","url":"https:\/\/www.alliancefr.pt\/setubal\/","name":"Alliance Fran\u00e7aise Set\u00fabal","description":"Alliances Fran\u00e7aises de Lisbonne","potentialAction":[{"@type":"SearchAction","target":{"@type":"EntryPoint","urlTemplate":"https:\/\/www.alliancefr.pt\/setubal\/?s={search_term_string}"},"query-input":{"@type":"PropertyValueSpecification","valueRequired":true,"valueName":"search_term_string"}}],"inLanguage":"pt-PT"}]}},"_links":{"self":[{"href":"https:\/\/www.alliancefr.pt\/setubal\/wp-json\/wp\/v2\/pages\/1793","targetHints":{"allow":["GET"]}}],"collection":[{"href":"https:\/\/www.alliancefr.pt\/setubal\/wp-json\/wp\/v2\/pages"}],"about":[{"href":"https:\/\/www.alliancefr.pt\/setubal\/wp-json\/wp\/v2\/types\/page"}],"author":[{"embeddable":true,"href":"https:\/\/www.alliancefr.pt\/setubal\/wp-json\/wp\/v2\/users\/1"}],"replies":[{"embeddable":true,"href":"https:\/\/www.alliancefr.pt\/setubal\/wp-json\/wp\/v2\/comments?post=1793"}],"version-history":[{"count":10,"href":"https:\/\/www.alliancefr.pt\/setubal\/wp-json\/wp\/v2\/pages\/1793\/revisions"}],"predecessor-version":[{"id":2011,"href":"https:\/\/www.alliancefr.pt\/setubal\/wp-json\/wp\/v2\/pages\/1793\/revisions\/2011"}],"wp:attachment":[{"href":"https:\/\/www.alliancefr.pt\/setubal\/wp-json\/wp\/v2\/media?parent=1793"}],"curies":[{"name":"wp","href":"https:\/\/api.w.org\/{rel}","templated":true}]}}